{"id":210346,"date":"2025-03-10T15:11:11","date_gmt":"2025-03-10T14:11:11","guid":{"rendered":"https:\/\/www.voustenjeans.com\/veste-en-jean\/"},"modified":"2026-04-29T15:26:40","modified_gmt":"2026-04-29T13:26:40","slug":"jacob-cohen-veste-en-jean","status":"publish","type":"page","link":"https:\/\/www.voustenjeans.com\/fr\/jacob-cohen-veste-en-jean\/","title":{"rendered":"Jacob Coh\u00ebn Veste en jean"},"content":{"rendered":"<div class=\"lazyblock-header-image-ZgAduA wp-block-lazyblock-header-image\"><div class=\"lazyblocks-header-image vi-header-image--hoogte--klein vi-header-image--overlay-gradient--1\" style=\"\">\n<!--    <div class=\"img img-desktop vi-img--load-bg-img\" style=\"background-color: #333;--><!--\" vi-img-url=\"--><!--\"><\/div>-->\n<!--    <div class=\"img img-mobile vi-img--load-bg-img\" style=\"background-color: #333;--><!--\" vi-img-url=\"--><!--\"><\/div>-->\n    <img decoding=\"async\" src=\"https:\/\/www.voustenjeans.com\/wp-content\/uploads\/2025\/04\/Header-Mobile-Jeans-Jacket-320x239.jpg\" srcset=\"https:\/\/www.voustenjeans.com\/wp-content\/uploads\/2025\/04\/Header-Mobile-Jeans-Jacket-320x239.jpg 320w, https:\/\/www.voustenjeans.com\/wp-content\/uploads\/2025\/04\/Header-Mobile-Jeans-Jacket.jpg 750w, https:\/\/www.voustenjeans.com\/wp-content\/uploads\/2025\/04\/Header-desktop-Jeans-Jacket-1280x292.jpg 1280w, https:\/\/www.voustenjeans.com\/wp-content\/uploads\/2025\/04\/Header-desktop-Jeans-Jacket.jpg 2500w\" class=\"img\" style=\"object-position:left center;object-fit:cover; width:100%; height:100%;\" \/>    <div class=\"overlay-gradient\"><\/div>\n    <div class=\"inner\">\n        <div class=\"txt\">\n            <div class=\"kop\"><h1 class=\"inner\">Jacob Coh\u00ebn Veste en jean<\/h1><\/div>\n                    <\/div>\n    <\/div>\n    <\/div>\n<\/div>\n\n<div class=\"lazyblock-categoriepagina-producten-Z1rlSlY wp-block-lazyblock-categoriepagina-producten\"><div class=\"row\">\n    <div class=\"is-xsmall\"><nav class=\"woocommerce-breadcrumb breadcrumbs uppercase\">Accueil<\/nav><\/div>    <br >\n<\/div>\n    <div class=\"lazyblocks-product-overzicht  vi-fwp-wrapper\" id=\"fwp-prod-grid\" vi-fwp-scrolltop-id=\"fwp-prod-grid\" vi-fwp-scrolltop-offset=\"150\">\n    <div class=\"mobile-sidebar-facets-wrapper hidden\">\n        <div id=\"mobile-sidebar-facets\">\n            <aside id=\"block-15\" class=\"widget widget_block\"><div class=\"vi-facets-wrapper\"><h2>Filter<\/h2><div class=\"facet-container facet-container--facet-productcategorie\"><h3>Cat\u00e9gorie<\/h3><div class=\"facetwp-facet facetwp-facet-productcategorie facetwp-type-checkboxes\" data-name=\"productcategorie\" data-type=\"checkboxes\"><\/div><\/div><div class=\"facet-container facet-container--facet-maat\"><h3>Taille<\/h3><div class=\"facetwp-facet facetwp-facet-maat facetwp-type-checkboxes\" data-name=\"maat\" data-type=\"checkboxes\"><\/div><\/div><div class=\"facet-container facet-container--facet-color\"><h3>Couleur<\/h3><div class=\"facetwp-facet facetwp-facet-color facetwp-type-checkboxes\" data-name=\"color\" data-type=\"checkboxes\"><\/div><\/div><div class=\"facet-container facet-container--facet-prijs\"><h3>Prix<\/h3><div class=\"facetwp-facet facetwp-facet-prijs facetwp-type-slider\" data-name=\"prijs\" data-type=\"slider\"><\/div><\/div><div class=\"facet-container facet-container--facet-price_range\"><h3>Prix<\/h3><div class=\"facetwp-facet facetwp-facet-price_range facetwp-type-number_range\" data-name=\"price_range\" data-type=\"number_range\"><\/div><\/div><\/div>\n<\/aside>        <\/div>\n    <\/div>\n    <div class=\"row\">\n        <div class=\"col large-3 facets\">\n            <div class=\"\">\n                <aside id=\"block-15\" class=\"widget widget_block\"><div class=\"vi-facets-wrapper\"><h2>Filter<\/h2><div class=\"facet-container facet-container--facet-productcategorie\"><h3>Cat\u00e9gorie<\/h3><div class=\"facetwp-facet facetwp-facet-productcategorie facetwp-type-checkboxes\" data-name=\"productcategorie\" data-type=\"checkboxes\"><\/div><\/div><div class=\"facet-container facet-container--facet-maat\"><h3>Taille<\/h3><div class=\"facetwp-facet facetwp-facet-maat facetwp-type-checkboxes\" data-name=\"maat\" data-type=\"checkboxes\"><\/div><\/div><div class=\"facet-container facet-container--facet-color\"><h3>Couleur<\/h3><div class=\"facetwp-facet facetwp-facet-color facetwp-type-checkboxes\" data-name=\"color\" data-type=\"checkboxes\"><\/div><\/div><div class=\"facet-container facet-container--facet-prijs\"><h3>Prix<\/h3><div class=\"facetwp-facet facetwp-facet-prijs facetwp-type-slider\" data-name=\"prijs\" data-type=\"slider\"><\/div><\/div><div class=\"facet-container facet-container--facet-price_range\"><h3>Prix<\/h3><div class=\"facetwp-facet facetwp-facet-price_range facetwp-type-number_range\" data-name=\"price_range\" data-type=\"number_range\"><\/div><\/div><\/div>\n<\/aside>            <\/div>\n        <\/div>\n        <div class=\"col large-9 products\">\n            <div class=\"filter-toggler\">\n                <a href=\"#\" data-open=\"#mobile-sidebar-facets\"  data-pos=\"left\" class=\"filter-button uppercase plain\">\n                    <i class=\"icon-equalizer\"><\/i>\n                    <strong>Filter<\/strong>\n                <\/a>\n            <\/div>\n            <a href=\"javascript:void(0);\" class=\"jacob-cohen-model-helper--popup-toggler button primary is-xsmall is-outline\"><!-- <span class=\"icon-checkmark\"><\/span> -->Quel jean me va le mieux?<\/a><div class=\"facetwp-sort\"><\/div>            <div class=\"facetwp-template products row row-small large-columns-3 medium-columns-2 small-columns-2 equalize-box\">\n                \n<div class=\"product-small col has-hover product type-product post-333231 status-publish first instock product_cat-heren-nl-fr product_cat-vousten-sports-nl-fr product_cat-veste-en-jean-fr product_cat-vetements-fr product_cat-jacob-cohen-fr product_cat-jacob-cohen-jeans-fr product_cat-jackets-fr product_cat-jassen-jacks-fr has-post-thumbnail taxable shipping-taxable purchasable product-type-variable\">\n\t<div class=\"col-inner\">\n\t\n<div class=\"badge-container absolute left top z-1\">\n<\/div>\n\t<div class=\"product-small box \">\n\t\t<div class=\"box-image\">\n\t\t\t<div class=\"image-fade_in_back\">\n\t\t\t\t<a href=\"https:\/\/www.voustenjeans.com\/fr\/jacob-cohen-denim-jacket-3736-200d-42280-2\/\">\n\t\t\t\t\t<img loading=\"lazy\" decoding=\"async\" width=\"371\" height=\"407\" src=\"https:\/\/www.voustenjeans.com\/wp-content\/uploads\/2023\/06\/Jacob-Cohen-Denim-Jacket-3736-200D-42280-1-scaled-1-371x407.jpg\" class=\"attachment-woocommerce_thumbnail size-woocommerce_thumbnail\" alt=\"\" srcset=\"https:\/\/www.voustenjeans.com\/wp-content\/uploads\/2023\/06\/Jacob-Cohen-Denim-Jacket-3736-200D-42280-1-scaled-1-371x407.jpg 371w, https:\/\/www.voustenjeans.com\/wp-content\/uploads\/2023\/06\/Jacob-Cohen-Denim-Jacket-3736-200D-42280-1-scaled-1-273x300.jpg 273w, https:\/\/www.voustenjeans.com\/wp-content\/uploads\/2023\/06\/Jacob-Cohen-Denim-Jacket-3736-200D-42280-1-scaled-1-933x1024.jpg 933w, https:\/\/www.voustenjeans.com\/wp-content\/uploads\/2023\/06\/Jacob-Cohen-Denim-Jacket-3736-200D-42280-1-scaled-1-768x843.jpg 768w, https:\/\/www.voustenjeans.com\/wp-content\/uploads\/2023\/06\/Jacob-Cohen-Denim-Jacket-3736-200D-42280-1-scaled-1-1399x1536.jpg 1399w, https:\/\/www.voustenjeans.com\/wp-content\/uploads\/2023\/06\/Jacob-Cohen-Denim-Jacket-3736-200D-42280-1-scaled-1-1866x2048.jpg 1866w, https:\/\/www.voustenjeans.com\/wp-content\/uploads\/2023\/06\/Jacob-Cohen-Denim-Jacket-3736-200D-42280-1-scaled-1-1822x2000.jpg 1822w, https:\/\/www.voustenjeans.com\/wp-content\/uploads\/2023\/06\/Jacob-Cohen-Denim-Jacket-3736-200D-42280-1-scaled-1-1166x1280.jpg 1166w, https:\/\/www.voustenjeans.com\/wp-content\/uploads\/2023\/06\/Jacob-Cohen-Denim-Jacket-3736-200D-42280-1-scaled-1-700x768.jpg 700w, https:\/\/www.voustenjeans.com\/wp-content\/uploads\/2023\/06\/Jacob-Cohen-Denim-Jacket-3736-200D-42280-1-scaled-1-292x320.jpg 292w, https:\/\/www.voustenjeans.com\/wp-content\/uploads\/2023\/06\/Jacob-Cohen-Denim-Jacket-3736-200D-42280-1-scaled-1-765x840.jpg 765w, https:\/\/www.voustenjeans.com\/wp-content\/uploads\/2023\/06\/Jacob-Cohen-Denim-Jacket-3736-200D-42280-1-scaled-1-64x70.jpg 64w\" sizes=\"(max-width: 371px) 100vw, 371px\" \/>\t\t\t\t<\/a>\n\t\t\t<\/div>\n\t\t\t<div class=\"image-tools is-small top right show-on-hover\">\n\t\t\t\t\t\t\t<\/div>\n\t\t\t<div class=\"image-tools is-small hide-for-small bottom left show-on-hover\">\n\t\t\t\t\t\t\t<\/div>\n\t\t\t<div class=\"image-tools grid-tools text-center hide-for-small bottom hover-slide-in show-on-hover\">\n\t\t\t\t\t\t\t<\/div>\n\t\t\t\t\t<\/div>\n\n\t\t<div class=\"box-text box-text-products\">\n\t\t\t<div class=\"vi-sticker-text vi-sticker-text--type--new\">Nouveau!<\/div><div class=\"title-wrapper\"><p class=\"name product-title woocommerce-loop-product__title\"><a href=\"https:\/\/www.voustenjeans.com\/fr\/jacob-cohen-denim-jacket-3736-200d-42280-2\/\" class=\"woocommerce-LoopProduct-link woocommerce-loop-product__link\"><span class=\"brand-prefix\">Jacob Coh\u00ebn<\/span> Denim Jacket 3736 200D <span class=\"txt-encapsulate--ident\">(42280)<\/span><\/a><\/p><\/div><div class=\"price-wrapper\">\n\t<span class=\"price\"><span class=\"woocommerce-Price-amount amount\"><bdi><span class=\"woocommerce-Price-currencySymbol\">&euro;<\/span>&nbsp;625,00<\/bdi><\/span><\/span>\n<\/div>\t\t<\/div>\n\t<\/div>\n\t<span class=\"gtm4wp_productdata\" style=\"display:none; visibility:hidden;\" data-gtm4wp_product_data=\"{&quot;internal_id&quot;:333231,&quot;item_id&quot;:333231,&quot;item_name&quot;:&quot;Jacob Coh\\u00ebn - Denim Jacket 3736 200D (42280)&quot;,&quot;sku&quot;:333231,&quot;price&quot;:625,&quot;stocklevel&quot;:null,&quot;stockstatus&quot;:&quot;instock&quot;,&quot;google_business_vertical&quot;:&quot;retail&quot;,&quot;item_category&quot;:&quot;Jassen - jacks&quot;,&quot;id&quot;:333231,&quot;productlink&quot;:&quot;https:\\\/\\\/www.voustenjeans.com\\\/fr\\\/jacob-cohen-denim-jacket-3736-200d-42280-2\\\/&quot;,&quot;item_list_name&quot;:&quot;Liste g\\u00e9n\\u00e9rale des produits&quot;,&quot;index&quot;:1,&quot;item_brand&quot;:&quot;&quot;}\"><\/span>\t<\/div>\n<\/div>\n\n<div class=\"product-small col has-hover product type-product post-304235 status-publish instock product_cat-heren-nl-fr product_cat-vousten-sports-nl-fr product_cat-veste-en-jean-fr product_cat-vetements-fr product_cat-jacob-cohen-jeans-fr product_cat-jackets-fr has-post-thumbnail taxable shipping-taxable purchasable product-type-variable\">\n\t<div class=\"col-inner\">\n\t\n<div class=\"badge-container absolute left top z-1\">\n<\/div>\n\t<div class=\"product-small box \">\n\t\t<div class=\"box-image\">\n\t\t\t<div class=\"image-fade_in_back\">\n\t\t\t\t<a href=\"https:\/\/www.voustenjeans.com\/fr\/jacob-cohen-denim-jacket-3678-548d-37920-2\/\">\n\t\t\t\t\t<img loading=\"lazy\" decoding=\"async\" width=\"371\" height=\"557\" src=\"https:\/\/www.voustenjeans.com\/wp-content\/uploads\/2023\/06\/37920-1-371x557.jpg\" class=\"attachment-woocommerce_thumbnail size-woocommerce_thumbnail\" alt=\"\" srcset=\"https:\/\/www.voustenjeans.com\/wp-content\/uploads\/2023\/06\/37920-1-371x557.jpg 371w, https:\/\/www.voustenjeans.com\/wp-content\/uploads\/2023\/06\/37920-1-200x300.jpg 200w, https:\/\/www.voustenjeans.com\/wp-content\/uploads\/2023\/06\/37920-1-683x1024.jpg 683w, https:\/\/www.voustenjeans.com\/wp-content\/uploads\/2023\/06\/37920-1-768x1152.jpg 768w, https:\/\/www.voustenjeans.com\/wp-content\/uploads\/2023\/06\/37920-1-1024x1536.jpg 1024w, https:\/\/www.voustenjeans.com\/wp-content\/uploads\/2023\/06\/37920-1-1333x2000.jpg 1333w, https:\/\/www.voustenjeans.com\/wp-content\/uploads\/2023\/06\/37920-1-853x1280.jpg 853w, https:\/\/www.voustenjeans.com\/wp-content\/uploads\/2023\/06\/37920-1-512x768.jpg 512w, https:\/\/www.voustenjeans.com\/wp-content\/uploads\/2023\/06\/37920-1-213x320.jpg 213w, https:\/\/www.voustenjeans.com\/wp-content\/uploads\/2023\/06\/37920-1-765x1148.jpg 765w, https:\/\/www.voustenjeans.com\/wp-content\/uploads\/2023\/06\/37920-1-64x96.jpg 64w, https:\/\/www.voustenjeans.com\/wp-content\/uploads\/2023\/06\/37920-1.jpg 1365w\" sizes=\"(max-width: 371px) 100vw, 371px\" \/>\t\t\t\t<\/a>\n\t\t\t<\/div>\n\t\t\t<div class=\"image-tools is-small top right show-on-hover\">\n\t\t\t\t\t\t\t<\/div>\n\t\t\t<div class=\"image-tools is-small hide-for-small bottom left show-on-hover\">\n\t\t\t\t\t\t\t<\/div>\n\t\t\t<div class=\"image-tools grid-tools text-center hide-for-small bottom hover-slide-in show-on-hover\">\n\t\t\t\t\t\t\t<\/div>\n\t\t\t\t\t<\/div>\n\n\t\t<div class=\"box-text box-text-products\">\n\t\t\t<div class=\"title-wrapper\"><p class=\"name product-title woocommerce-loop-product__title\"><a href=\"https:\/\/www.voustenjeans.com\/fr\/jacob-cohen-denim-jacket-3678-548d-37920-2\/\" class=\"woocommerce-LoopProduct-link woocommerce-loop-product__link\"><span class=\"brand-prefix\">Jacob Coh\u00ebn<\/span> Denim jacket 3678 548D <span class=\"txt-encapsulate--ident\">(37920)<\/span><\/a><\/p><\/div><div class=\"price-wrapper\">\n\t<span class=\"price\"><span class=\"woocommerce-Price-amount amount\"><bdi><span class=\"woocommerce-Price-currencySymbol\">&euro;<\/span>&nbsp;605,00<\/bdi><\/span><\/span>\n<\/div>\t\t<\/div>\n\t<\/div>\n\t<span class=\"gtm4wp_productdata\" style=\"display:none; visibility:hidden;\" data-gtm4wp_product_data=\"{&quot;internal_id&quot;:304235,&quot;item_id&quot;:304235,&quot;item_name&quot;:&quot;Jacob Coh\\u00ebn denim jacket 3678 548D (37920)&quot;,&quot;sku&quot;:304235,&quot;price&quot;:605,&quot;stocklevel&quot;:null,&quot;stockstatus&quot;:&quot;instock&quot;,&quot;google_business_vertical&quot;:&quot;retail&quot;,&quot;item_category&quot;:&quot;Jackets&quot;,&quot;id&quot;:304235,&quot;productlink&quot;:&quot;https:\\\/\\\/www.voustenjeans.com\\\/fr\\\/jacob-cohen-denim-jacket-3678-548d-37920-2\\\/&quot;,&quot;item_list_name&quot;:&quot;Liste g\\u00e9n\\u00e9rale des produits&quot;,&quot;index&quot;:2,&quot;item_brand&quot;:&quot;&quot;}\"><\/span>\t<\/div>\n<\/div>\n\n<div class=\"product-small col has-hover product type-product post-304251 status-publish last instock product_cat-heren-nl-fr product_cat-veste-en-jean-fr product_cat-vetements-fr product_cat-jacob-cohen-fr has-post-thumbnail taxable shipping-taxable purchasable product-type-variable\">\n\t<div class=\"col-inner\">\n\t\n<div class=\"badge-container absolute left top z-1\">\n<\/div>\n\t<div class=\"product-small box \">\n\t\t<div class=\"box-image\">\n\t\t\t<div class=\"image-fade_in_back\">\n\t\t\t\t<a href=\"https:\/\/www.voustenjeans.com\/fr\/jacob-cohen-denim-jacket-36299-2\/\">\n\t\t\t\t\t<img loading=\"lazy\" decoding=\"async\" width=\"371\" height=\"557\" src=\"https:\/\/www.voustenjeans.com\/wp-content\/uploads\/2023\/06\/36299_1-371x557.jpg\" class=\"attachment-woocommerce_thumbnail size-woocommerce_thumbnail\" alt=\"\" srcset=\"https:\/\/www.voustenjeans.com\/wp-content\/uploads\/2023\/06\/36299_1-371x557.jpg 371w, https:\/\/www.voustenjeans.com\/wp-content\/uploads\/2023\/06\/36299_1-200x300.jpg 200w, https:\/\/www.voustenjeans.com\/wp-content\/uploads\/2023\/06\/36299_1-683x1024.jpg 683w, https:\/\/www.voustenjeans.com\/wp-content\/uploads\/2023\/06\/36299_1-768x1152.jpg 768w, https:\/\/www.voustenjeans.com\/wp-content\/uploads\/2023\/06\/36299_1-1024x1536.jpg 1024w, https:\/\/www.voustenjeans.com\/wp-content\/uploads\/2023\/06\/36299_1-1333x2000.jpg 1333w, https:\/\/www.voustenjeans.com\/wp-content\/uploads\/2023\/06\/36299_1-853x1280.jpg 853w, https:\/\/www.voustenjeans.com\/wp-content\/uploads\/2023\/06\/36299_1-512x768.jpg 512w, https:\/\/www.voustenjeans.com\/wp-content\/uploads\/2023\/06\/36299_1-213x320.jpg 213w, https:\/\/www.voustenjeans.com\/wp-content\/uploads\/2023\/06\/36299_1-765x1148.jpg 765w, https:\/\/www.voustenjeans.com\/wp-content\/uploads\/2023\/06\/36299_1-64x96.jpg 64w, https:\/\/www.voustenjeans.com\/wp-content\/uploads\/2023\/06\/36299_1.jpg 1365w\" sizes=\"(max-width: 371px) 100vw, 371px\" \/>\t\t\t\t<\/a>\n\t\t\t<\/div>\n\t\t\t<div class=\"image-tools is-small top right show-on-hover\">\n\t\t\t\t\t\t\t<\/div>\n\t\t\t<div class=\"image-tools is-small hide-for-small bottom left show-on-hover\">\n\t\t\t\t\t\t\t<\/div>\n\t\t\t<div class=\"image-tools grid-tools text-center hide-for-small bottom hover-slide-in show-on-hover\">\n\t\t\t\t\t\t\t<\/div>\n\t\t\t\t\t<\/div>\n\n\t\t<div class=\"box-text box-text-products\">\n\t\t\t<div class=\"title-wrapper\"><p class=\"name product-title woocommerce-loop-product__title\"><a href=\"https:\/\/www.voustenjeans.com\/fr\/jacob-cohen-denim-jacket-36299-2\/\" class=\"woocommerce-LoopProduct-link woocommerce-loop-product__link\"><span class=\"brand-prefix\">Jacob Coh\u00ebn<\/span> Denim jacket <span class=\"txt-encapsulate--ident\">(36299)<\/span><\/a><\/p><\/div><div class=\"price-wrapper\">\n\t<span class=\"price\"><span class=\"woocommerce-Price-amount amount\"><bdi><span class=\"woocommerce-Price-currencySymbol\">&euro;<\/span>&nbsp;610,00<\/bdi><\/span><\/span>\n<\/div>\t\t<\/div>\n\t<\/div>\n\t<span class=\"gtm4wp_productdata\" style=\"display:none; visibility:hidden;\" data-gtm4wp_product_data=\"{&quot;internal_id&quot;:304251,&quot;item_id&quot;:304251,&quot;item_name&quot;:&quot;Jacob Coh\\u00ebn denim jacket (36299)&quot;,&quot;sku&quot;:304251,&quot;price&quot;:610,&quot;stocklevel&quot;:null,&quot;stockstatus&quot;:&quot;instock&quot;,&quot;google_business_vertical&quot;:&quot;retail&quot;,&quot;item_category&quot;:&quot;V\\u00eatements &quot;,&quot;id&quot;:304251,&quot;productlink&quot;:&quot;https:\\\/\\\/www.voustenjeans.com\\\/fr\\\/jacob-cohen-denim-jacket-36299-2\\\/&quot;,&quot;item_list_name&quot;:&quot;Liste g\\u00e9n\\u00e9rale des produits&quot;,&quot;index&quot;:3,&quot;item_brand&quot;:&quot;&quot;}\"><\/span>\t<\/div>\n<\/div>\n<\/div>                <div class=\"\">\n                                            <div class=\"facetwp-pager\"><\/div>                                    <\/div>\n            <\/div>\n        <\/div>\n    <\/div>\n<\/div>\n\n<div class=\"lazyblock-squarephoto-text-21kWwV wp-block-lazyblock-squarephoto-text\"><div class=\"vi-square-photo-text-row row clearfix\">\n    <div class=\"inner \">\n        <div class=\"photo-container\"><img decoding=\"async\" src=\"https:\/\/www.voustenjeans.com\/wp-content\/uploads\/2025\/03\/IMG_0078.jpeg\" \/><\/div><div class=\"text-container\"><div class=\"inner\"><h2>JACOB COHEN VESTE EN JEAN<\/h2><div class=\"text\"><span class=\"inner\"><p>Une veste en jean Jacob Cohen respire le savoir-faire italien \u00e0 tous \u00e9gards et contribue \u00e0 une apparence \u00e9l\u00e9gante. C&rsquo;est un article id\u00e9al pour faire partie de votre garde-robe et parfait pour un look d\u00e9contract\u00e9 avec style. Porter une veste en jean Jacob Cohen ou une veste en jean exclusive pour hommes souligne le caract\u00e8re masculin et r\u00e9sistant. Il existe \u00e9galement diverses options disponibles en termes de couleur et de style. Nous avons inclus plusieurs versions des populaires vestes en jean Jacob Cohen dans notre gamme.<\/p>\n<h3>Veste en jean Jacob Cohen dans les tons de bleu<\/h3>\n<p>Les nuances de bleu sont populaires lorsqu&rsquo;il s&rsquo;agit de vestes en jean pour hommes et vous avez la possibilit\u00e9 de choisir une veste en jean Jacob Cohen dans votre nuance de bleu pr\u00e9f\u00e9r\u00e9e. Par exemple, en choisissant une veste Jacob Cohen dans une couleur bleue originale. Ou pour une veste en jean bleu moyen ou bleu fonc\u00e9. L&rsquo;avantage d&rsquo;une veste en jean <a href=\"https:\/\/www.voustenjeans.com\/fr\/jacob-cohen\/jeans-homme\"><strong>Jacob Cohen<\/strong><\/a> dans une nuance de bleu est qu&rsquo;elle peut \u00eatre combin\u00e9e \u00e0 l&rsquo;infini, par exemple avec un jean noir pour homme et un <a href=\"https:\/\/www.voustenjeans.com\/fr\/jacob-cohen\/chino\"><strong>chino<\/strong><\/a> beige. De plus, une veste en jean peut \u00eatre port\u00e9e pendant une longue p\u00e9riode de l&rsquo;ann\u00e9e, aussi bien au printemps qu&rsquo;en automne, mais en \u00e9t\u00e9, une veste en jean pour homme offre \u00e9galement une solution lors des journ\u00e9es froides. La mati\u00e8re de ces vestes en jean pour hommes est compos\u00e9e d&rsquo;une combinaison de 99% coton et 1% \u00e9lasthanne. De plus, ces vestes en jean bleu sont finies \u00e0 100 % en cuir de veau.<\/p><\/span><\/div><\/div><\/div>    <\/div>\n<\/div>\n\n<\/div>\n\n<div class=\"lazyblock-squarephoto-text-Z1Ufxkx wp-block-lazyblock-squarephoto-text\"><div class=\"vi-square-photo-text-row row clearfix\">\n    <div class=\"inner flipped\">\n        <div class=\"photo-container\"><img decoding=\"async\" src=\"https:\/\/www.voustenjeans.com\/wp-content\/uploads\/2025\/03\/IMG_9571.jpeg\" \/><\/div><div class=\"text-container\"><div class=\"inner\"><h2>JACOB COHEN LIMITED VESTE EN JEAN BLANC CASS\u00c9<\/h2><div class=\"text\"><span class=\"inner\"><p>Chez Vousten, vous avez \u00e9galement la possibilit\u00e9 d&rsquo;acheter une <a href=\"https:\/\/www.voustenjeans.com\/fr\/veste-en-jean\/jacob-cohen-limited-denim-jacket-3986-517d-37359-3986-517d\"><strong>veste en jean Jacob Cohen Limited en blanc cass\u00e9<\/strong><\/a>. La version blanc cass\u00e9 est id\u00e9ale \u00e0 porter les jours ensoleill\u00e9s ou pour ajouter de la lumi\u00e8re \u00e0 la journ\u00e9e par temps nuageux avec votre propre style vestimentaire. Cette veste en jean en \u00e9dition limit\u00e9e est une veste trucker en jean d&rsquo;une qualit\u00e9 parfaite avec une finition haut de gamme. On retrouve par exemple des poignets boutonn\u00e9s et une broderie logo a \u00e9t\u00e9 subtilement appliqu\u00e9e sur les poches poitrine. L&rsquo;\u00e9tiquette de Jacob Cohen est situ\u00e9e au dos dans une taille plus grande. Cette veste en jean pour homme est compos\u00e9e de 93 % de coton, 6 % de polyester et 1 % d&rsquo;\u00e9lasthanne avec une finition suppl\u00e9mentaire en 100 % cuir de veau. Les boutons de la patte sont en m\u00e9tal.<\/p><\/span><\/div><\/div><\/div>    <\/div>\n<\/div>\n\n<\/div>\n\n<div class=\"lazyblock-squarephoto-text-Z1J6G8b wp-block-lazyblock-squarephoto-text\"><div class=\"vi-square-photo-text-row row clearfix\">\n    <div class=\"inner \">\n        <div class=\"photo-container\"><img decoding=\"async\" src=\"https:\/\/www.voustenjeans.com\/wp-content\/uploads\/2025\/03\/IMG_0119.jpeg\" \/><\/div><div class=\"text-container\"><div class=\"inner\"><h2>GUIDE D&rsquo;ENTRETIEN DES VESTES EN JEAN POUR HOMMES<\/h2><div class=\"text\"><span class=\"inner\"><p>Apr\u00e8s avoir achet\u00e9 une veste en jean Jacob Cohen, il est facile de la conserver en bon \u00e9tat. Par exemple, les vestes en jean sont lavables \u00e0 30 degr\u00e9s maximum et il est pr\u00e9f\u00e9rable de les laver s\u00e9par\u00e9ment et \u00e0 l&rsquo;envers. Il n&rsquo;est pas recommand\u00e9 de nettoyer \u00e0 sec ou de blanchir la veste. Il est \u00e9galement recommand\u00e9 de ne pas mettre la veste au s\u00e8che-linge, mais de la laisser s\u00e9cher \u00e0 l&rsquo;abri de la lumi\u00e8re directe du soleil.<\/p><\/span><\/div><\/div><\/div>    <\/div>\n<\/div>\n\n<\/div>\n\n<div class=\"lazyblock-squarephoto-text-2cQma8 wp-block-lazyblock-squarephoto-text\"><div class=\"vi-square-photo-text-row row clearfix\">\n    <div class=\"inner flipped\">\n        <div class=\"photo-container\"><img decoding=\"async\" src=\"https:\/\/www.voustenjeans.com\/wp-content\/uploads\/2025\/03\/ab0c93b4-43c0-4462-b299-95cb62a600d0.jpg\" \/><\/div><div class=\"text-container\"><div class=\"inner\"><h2>COMMANDEZ LA VESTE EN JEAN JACOB COHEN<\/h2><div class=\"text\"><span class=\"inner\"><p>Vous optez pour la qualit\u00e9 et un design haut de gamme qui fait la diff\u00e9rence dans votre style vestimentaire ? Nous facilitons la commande d&rsquo;une veste en jean Jacob Cohen. Choisissez la version et la couleur de votre pr\u00e9f\u00e9rence et s\u00e9lectionnez la taille. Un tableau des tailles internationales est disponible pour vous aider \u00e0 choisir la bonne taille. Nous livrons imm\u00e9diatement les vestes en jeans en stock. Cela signifie que vous pouvez compter sur une livraison rapide. Si vous commandez la veste en jean aujourd&rsquo;hui avant 17h30, nous l&rsquo;exp\u00e9dierons avant 18h00. Vous ne payez pas de frais d&rsquo;exp\u00e9dition pour la livraison en Europe si vous commandez l&rsquo;une des vestes en jean Jacob Cohen en ligne chez Vousten. Nous proposons \u00e9galement une vari\u00e9t\u00e9 d&rsquo;options de paiement, allant d&rsquo;iDeal aux cartes de cr\u00e9dit. Le paiement via PayPal est \u00e9galement possible. Vous \u00eates \u00e9galement les bienvenus dans <a href=\"https:\/\/www.voustenjeans.com\/fr\/information-de-contact\"><strong>notre boutique de mode de luxe \u00e0 Schijndel<\/strong><\/a>.<\/p><\/span><\/div><\/div><\/div>    <\/div>\n<\/div>\n\n<\/div>","protected":false},"excerpt":{"rendered":"","protected":false},"author":1,"featured_media":0,"parent":0,"menu_order":0,"comment_status":"closed","ping_status":"closed","template":"page-transparent-header.php","meta":{"footnotes":""},"acf":[],"yoast_head":"<!-- This site is optimized with the Yoast SEO plugin v22.3 - https:\/\/yoast.com\/wordpress\/plugins\/seo\/ -->\n<title>Jacob Coh\u00ebn Veste en jean - Vousten Jeans<\/title>\n<meta name=\"robots\" content=\"index, follow, max-snippet:-1, max-image-preview:large, max-video-preview:-1\" \/>\n<link rel=\"canonical\" href=\"https:\/\/www.voustenjeans.com\/fr\/jacob-cohen-veste-en-jean\/\" \/>\n<meta property=\"og:locale\" content=\"fr_FR\" \/>\n<meta property=\"og:type\" content=\"article\" \/>\n<meta property=\"og:title\" content=\"Jacob Coh\u00ebn Veste en jean - Vousten Jeans\" \/>\n<meta property=\"og:url\" content=\"https:\/\/www.voustenjeans.com\/fr\/jacob-cohen-veste-en-jean\/\" \/>\n<meta property=\"og:site_name\" content=\"Vousten Jeans\" \/>\n<meta property=\"article:modified_time\" content=\"2026-04-29T13:26:40+00:00\" \/>\n<meta name=\"twitter:card\" content=\"summary_large_image\" \/>\n<script type=\"application\/ld+json\" class=\"yoast-schema-graph\">{\"@context\":\"https:\/\/schema.org\",\"@graph\":[{\"@type\":\"WebPage\",\"@id\":\"https:\/\/www.voustenjeans.com\/fr\/jacob-cohen-veste-en-jean\/\",\"url\":\"https:\/\/www.voustenjeans.com\/fr\/jacob-cohen-veste-en-jean\/\",\"name\":\"Jacob Coh\u00ebn Veste en jean - Vousten Jeans\",\"isPartOf\":{\"@id\":\"https:\/\/www.voustenjeans.com\/en\/#website\"},\"datePublished\":\"2025-03-10T14:11:11+00:00\",\"dateModified\":\"2026-04-29T13:26:40+00:00\",\"breadcrumb\":{\"@id\":\"https:\/\/www.voustenjeans.com\/fr\/jacob-cohen-veste-en-jean\/#breadcrumb\"},\"inLanguage\":\"fr-FR\",\"potentialAction\":[{\"@type\":\"ReadAction\",\"target\":[\"https:\/\/www.voustenjeans.com\/fr\/jacob-cohen-veste-en-jean\/\"]}]},{\"@type\":\"BreadcrumbList\",\"@id\":\"https:\/\/www.voustenjeans.com\/fr\/jacob-cohen-veste-en-jean\/#breadcrumb\",\"itemListElement\":[{\"@type\":\"ListItem\",\"position\":1,\"name\":\"Home\",\"item\":\"https:\/\/www.voustenjeans.com\/fr\/\"},{\"@type\":\"ListItem\",\"position\":2,\"name\":\"Jacob Coh\u00ebn Veste en jean\"}]},{\"@type\":\"WebSite\",\"@id\":\"https:\/\/www.voustenjeans.com\/en\/#website\",\"url\":\"https:\/\/www.voustenjeans.com\/en\/\",\"name\":\"Vousten Jeans\",\"description\":\"\",\"potentialAction\":[{\"@type\":\"SearchAction\",\"target\":{\"@type\":\"EntryPoint\",\"urlTemplate\":\"https:\/\/www.voustenjeans.com\/en\/?s={search_term_string}\"},\"query-input\":\"required name=search_term_string\"}],\"inLanguage\":\"fr-FR\"}]}<\/script>\n<!-- \/ Yoast SEO plugin. -->","yoast_head_json":{"title":"Jacob Coh\u00ebn Veste en jean - Vousten Jeans","robots":{"index":"index","follow":"follow","max-snippet":"max-snippet:-1","max-image-preview":"max-image-preview:large","max-video-preview":"max-video-preview:-1"},"canonical":"https:\/\/www.voustenjeans.com\/fr\/jacob-cohen-veste-en-jean\/","og_locale":"fr_FR","og_type":"article","og_title":"Jacob Coh\u00ebn Veste en jean - Vousten Jeans","og_url":"https:\/\/www.voustenjeans.com\/fr\/jacob-cohen-veste-en-jean\/","og_site_name":"Vousten Jeans","article_modified_time":"2026-04-29T13:26:40+00:00","twitter_card":"summary_large_image","schema":{"@context":"https:\/\/schema.org","@graph":[{"@type":"WebPage","@id":"https:\/\/www.voustenjeans.com\/fr\/jacob-cohen-veste-en-jean\/","url":"https:\/\/www.voustenjeans.com\/fr\/jacob-cohen-veste-en-jean\/","name":"Jacob Coh\u00ebn Veste en jean - Vousten Jeans","isPartOf":{"@id":"https:\/\/www.voustenjeans.com\/en\/#website"},"datePublished":"2025-03-10T14:11:11+00:00","dateModified":"2026-04-29T13:26:40+00:00","breadcrumb":{"@id":"https:\/\/www.voustenjeans.com\/fr\/jacob-cohen-veste-en-jean\/#breadcrumb"},"inLanguage":"fr-FR","potentialAction":[{"@type":"ReadAction","target":["https:\/\/www.voustenjeans.com\/fr\/jacob-cohen-veste-en-jean\/"]}]},{"@type":"BreadcrumbList","@id":"https:\/\/www.voustenjeans.com\/fr\/jacob-cohen-veste-en-jean\/#breadcrumb","itemListElement":[{"@type":"ListItem","position":1,"name":"Home","item":"https:\/\/www.voustenjeans.com\/fr\/"},{"@type":"ListItem","position":2,"name":"Jacob Coh\u00ebn Veste en jean"}]},{"@type":"WebSite","@id":"https:\/\/www.voustenjeans.com\/en\/#website","url":"https:\/\/www.voustenjeans.com\/en\/","name":"Vousten Jeans","description":"","potentialAction":[{"@type":"SearchAction","target":{"@type":"EntryPoint","urlTemplate":"https:\/\/www.voustenjeans.com\/en\/?s={search_term_string}"},"query-input":"required name=search_term_string"}],"inLanguage":"fr-FR"}]}},"_links":{"self":[{"href":"https:\/\/www.voustenjeans.com\/fr\/wp-json\/wp\/v2\/pages\/210346"}],"collection":[{"href":"https:\/\/www.voustenjeans.com\/fr\/wp-json\/wp\/v2\/pages"}],"about":[{"href":"https:\/\/www.voustenjeans.com\/fr\/wp-json\/wp\/v2\/types\/page"}],"author":[{"embeddable":true,"href":"https:\/\/www.voustenjeans.com\/fr\/wp-json\/wp\/v2\/users\/1"}],"replies":[{"embeddable":true,"href":"https:\/\/www.voustenjeans.com\/fr\/wp-json\/wp\/v2\/comments?post=210346"}],"version-history":[{"count":2,"href":"https:\/\/www.voustenjeans.com\/fr\/wp-json\/wp\/v2\/pages\/210346\/revisions"}],"predecessor-version":[{"id":339633,"href":"https:\/\/www.voustenjeans.com\/fr\/wp-json\/wp\/v2\/pages\/210346\/revisions\/339633"}],"wp:attachment":[{"href":"https:\/\/www.voustenjeans.com\/fr\/wp-json\/wp\/v2\/media?parent=210346"}],"curies":[{"name":"wp","href":"https:\/\/api.w.org\/{rel}","templated":true}]}}